{"id":17803,"date":"2024-02-27T16:25:20","date_gmt":"2024-02-27T15:25:20","guid":{"rendered":"https:\/\/flensburg-galerie.de\/?page_id=17803"},"modified":"2024-07-22T17:11:16","modified_gmt":"2024-07-22T15:11:16","slug":"anfahrt","status":"publish","type":"page","link":"https:\/\/flensburg-galerie.de\/da\/anfahrt\/","title":{"rendered":"Anfahrt"},"content":{"rendered":"<div data-elementor-type=\"wp-page\" data-elementor-id=\"17803\" class=\"elementor elementor-17803\" data-elementor-post-type=\"page\">\n\t\t\t\t<div class=\"elementor-element elementor-element-afc75f2 e-flex e-con-boxed e-con e-parent\" data-id=\"afc75f2\" data-element_type=\"container\" data-settings=\"{&quot;_ob_use_container_extras&quot;:&quot;no&quot;,&quot;_ob_column_hoveranimator&quot;:&quot;no&quot;,&quot;_ob_glider_is_slider&quot;:&quot;no&quot;,&quot;_ob_column_has_pseudo&quot;:&quot;no&quot;}\">\n\t\t\t\t\t<div class=\"e-con-inner\">\n\t\t\t\t<div class=\"elementor-element elementor-element-8cbc77e ob-has-background-overlay elementor-widget elementor-widget-spacer\" data-id=\"8cbc77e\" data-element_type=\"widget\" data-settings=\"{&quot;_ob_spacerat_use&quot;:&quot;no&quot;,&quot;_ob_widget_stalker_use&quot;:&quot;no&quot;,&quot;_ob_poopart_use&quot;:&quot;yes&quot;,&quot;_ob_shadough_use&quot;:&quot;no&quot;,&quot;_ob_allow_hoveranimator&quot;:&quot;no&quot;}\" data-widget_type=\"spacer.default\">\n\t\t\t\t<div class=\"elementor-widget-container\">\n\t\t\t\t\t\t\t<div class=\"elementor-spacer\">\n\t\t\t<div class=\"elementor-spacer-inner\"><\/div>\n\t\t<\/div>\n\t\t\t\t\t\t<\/div>\n\t\t\t\t<\/div>\n\t\t\t\t<div class=\"elementor-element elementor-element-14d3546 dce_masking-none ob-has-background-overlay elementor-widget elementor-widget-image\" data-id=\"14d3546\" data-element_type=\"widget\" data-settings=\"{&quot;_ob_photomorph_use&quot;:&quot;no&quot;,&quot;_ob_widget_stalker_use&quot;:&quot;no&quot;,&quot;_ob_poopart_use&quot;:&quot;yes&quot;,&quot;_ob_shadough_use&quot;:&quot;no&quot;,&quot;_ob_allow_hoveranimator&quot;:&quot;no&quot;}\" data-widget_type=\"image.default\">\n\t\t\t\t<div class=\"elementor-widget-container\">\n\t\t\t\t\t\t\t\t\t\t\t\t\t\t\t<img fetchpriority=\"high\" decoding=\"async\" width=\"800\" height=\"276\" src=\"https:\/\/flensburg-galerie.de\/wp-content\/uploads\/2024\/02\/FG_HeadlineAnfahrt-1024x353.png\" class=\"attachment-large size-large wp-image-18257\" alt=\"\" srcset=\"https:\/\/flensburg-galerie.de\/wp-content\/uploads\/2024\/02\/FG_HeadlineAnfahrt-1024x353.png 1024w, https:\/\/flensburg-galerie.de\/wp-content\/uploads\/2024\/02\/FG_HeadlineAnfahrt-300x103.png 300w, https:\/\/flensburg-galerie.de\/wp-content\/uploads\/2024\/02\/FG_HeadlineAnfahrt-768x265.png 768w, https:\/\/flensburg-galerie.de\/wp-content\/uploads\/2024\/02\/FG_HeadlineAnfahrt-1536x530.png 1536w, https:\/\/flensburg-galerie.de\/wp-content\/uploads\/2024\/02\/FG_HeadlineAnfahrt-18x6.png 18w, https:\/\/flensburg-galerie.de\/wp-content\/uploads\/2024\/02\/FG_HeadlineAnfahrt.png 1896w\" sizes=\"(max-width: 800px) 100vw, 800px\" \/>\t\t\t\t\t\t\t\t\t\t\t\t\t\t\t<\/div>\n\t\t\t\t<\/div>\n\t\t\t\t<div class=\"elementor-element elementor-element-7da081c ob-has-background-overlay elementor-widget elementor-widget-spacer\" data-id=\"7da081c\" data-element_type=\"widget\" data-settings=\"{&quot;_ob_spacerat_use&quot;:&quot;no&quot;,&quot;_ob_widget_stalker_use&quot;:&quot;no&quot;,&quot;_ob_poopart_use&quot;:&quot;yes&quot;,&quot;_ob_shadough_use&quot;:&quot;no&quot;,&quot;_ob_allow_hoveranimator&quot;:&quot;no&quot;}\" data-widget_type=\"spacer.default\">\n\t\t\t\t<div class=\"elementor-widget-container\">\n\t\t\t\t\t\t\t<div class=\"elementor-spacer\">\n\t\t\t<div class=\"elementor-spacer-inner\"><\/div>\n\t\t<\/div>\n\t\t\t\t\t\t<\/div>\n\t\t\t\t<\/div>\n\t\t\t\t\t<\/div>\n\t\t\t\t<\/div>\n\t\t<div class=\"elementor-element elementor-element-6963ceb e-flex e-con-boxed e-con e-parent\" data-id=\"6963ceb\" data-element_type=\"container\" data-settings=\"{&quot;_ob_use_container_extras&quot;:&quot;no&quot;,&quot;_ob_column_hoveranimator&quot;:&quot;no&quot;,&quot;_ob_glider_is_slider&quot;:&quot;no&quot;,&quot;_ob_column_has_pseudo&quot;:&quot;no&quot;}\">\n\t\t\t\t\t<div class=\"e-con-inner\">\n\t\t\t\t<div class=\"elementor-element elementor-element-3ac21c7 ob-has-background-overlay elementor-widget elementor-widget-google_maps\" data-id=\"3ac21c7\" data-element_type=\"widget\" data-settings=\"{&quot;_ob_widget_stalker_use&quot;:&quot;no&quot;,&quot;_ob_poopart_use&quot;:&quot;yes&quot;,&quot;_ob_shadough_use&quot;:&quot;no&quot;,&quot;_ob_allow_hoveranimator&quot;:&quot;no&quot;}\" data-widget_type=\"google_maps.default\">\n\t\t\t\t<div class=\"elementor-widget-container\">\n\t\t\t\t\t\t\t<div class=\"elementor-custom-embed\">\n\t\t\t<iframe loading=\"lazy\"\n\t\t\t\t\tsrc=\"https:\/\/maps.google.com\/maps?q=flensburg%20galerie&#038;t=m&#038;z=14&#038;output=embed&#038;iwloc=near\"\n\t\t\t\t\ttitle=\"flensburg galerie\"\n\t\t\t\t\taria-label=\"flensburg galerie\"\n\t\t\t><\/iframe>\n\t\t<\/div>\n\t\t\t\t\t\t<\/div>\n\t\t\t\t<\/div>\n\t\t\t\t\t<\/div>\n\t\t\t\t<\/div>\n\t\t<div class=\"elementor-element elementor-element-f8fe825 e-flex e-con-boxed e-con e-parent\" data-id=\"f8fe825\" data-element_type=\"container\" data-settings=\"{&quot;_ob_use_container_extras&quot;:&quot;no&quot;,&quot;_ob_column_hoveranimator&quot;:&quot;no&quot;,&quot;_ob_glider_is_slider&quot;:&quot;no&quot;,&quot;_ob_column_has_pseudo&quot;:&quot;no&quot;}\">\n\t\t\t\t\t<div class=\"e-con-inner\">\n\t\t<div class=\"elementor-element elementor-element-500dfe1 e-con-full e-flex e-con e-child\" data-id=\"500dfe1\" data-element_type=\"container\" data-settings=\"{&quot;_ob_use_container_extras&quot;:&quot;no&quot;,&quot;_ob_column_hoveranimator&quot;:&quot;no&quot;,&quot;_ob_glider_is_slider&quot;:&quot;no&quot;,&quot;_ob_column_has_pseudo&quot;:&quot;no&quot;}\">\n\t\t\t\t<div class=\"elementor-element elementor-element-3cd6cd4 ob-harakiri-inherit ob-has-background-overlay elementor-widget elementor-widget-heading\" data-id=\"3cd6cd4\" data-element_type=\"widget\" data-settings=\"{&quot;_ob_use_harakiri&quot;:&quot;yes&quot;,&quot;_ob_harakiri_writing_mode&quot;:&quot;inherit&quot;,&quot;_ob_harakiri_text_clip&quot;:&quot;none&quot;,&quot;_ob_widget_stalker_use&quot;:&quot;no&quot;,&quot;_ob_poopart_use&quot;:&quot;yes&quot;,&quot;_ob_shadough_use&quot;:&quot;no&quot;,&quot;_ob_allow_hoveranimator&quot;:&quot;no&quot;}\" data-widget_type=\"heading.default\">\n\t\t\t\t<div class=\"elementor-widget-container\">\n\t\t\t\t\t<h2 class=\"elementor-heading-title elementor-size-default\">Verkehrsanbindung\n<\/h2>\t\t\t\t<\/div>\n\t\t\t\t<\/div>\n\t\t\t\t<div class=\"elementor-element elementor-element-df22261 ob-harakiri-inherit ob-has-background-overlay elementor-widget elementor-widget-text-editor\" data-id=\"df22261\" data-element_type=\"widget\" data-settings=\"{&quot;_ob_use_harakiri&quot;:&quot;yes&quot;,&quot;_ob_harakiri_writing_mode&quot;:&quot;inherit&quot;,&quot;_ob_postman_use&quot;:&quot;no&quot;,&quot;_ob_widget_stalker_use&quot;:&quot;no&quot;,&quot;_ob_poopart_use&quot;:&quot;yes&quot;,&quot;_ob_shadough_use&quot;:&quot;no&quot;,&quot;_ob_allow_hoveranimator&quot;:&quot;no&quot;}\" data-widget_type=\"text-editor.default\">\n\t\t\t\t<div class=\"elementor-widget-container\">\n\t\t\t\t\t\t\t\t\tZum umfassenden Serviceangebot Eurer FLENSBURG GALERIE geh\u00f6ren unter anderem 1.000 Parkpl\u00e4tze im Parkhaus der Galerie im Tiefgeschoss des Centers sowie in weiteren nahe gelegenen Parkh\u00e4usern. Dort findest Du auch spezielle Parkpl\u00e4tze f\u00fcr Frauen und Menschen mit Behinderung. Die Parkh\u00e4user sind zum Teil direkt mit der Galerie verbunden. So kommst Du bei jedem Wetter bequem, schnell und trocken ins Center bzw. zu Deinem Fahrzeug.\n\nAdresse f\u00fcr das Navigationssystem:\nReism\u00fchlenhof 1, 24937 Flensburg\t\t\t\t\t\t\t\t<\/div>\n\t\t\t\t<\/div>\n\t\t\t\t<\/div>\n\t\t<div class=\"elementor-element elementor-element-2b01850 e-con-full e-flex e-con e-child\" data-id=\"2b01850\" data-element_type=\"container\" data-settings=\"{&quot;_ob_use_container_extras&quot;:&quot;no&quot;,&quot;_ob_column_hoveranimator&quot;:&quot;no&quot;,&quot;_ob_glider_is_slider&quot;:&quot;no&quot;,&quot;_ob_column_has_pseudo&quot;:&quot;no&quot;}\">\n\t\t\t\t<div class=\"elementor-element elementor-element-2b91b57 ob-harakiri-inherit ob-has-background-overlay elementor-widget elementor-widget-heading\" data-id=\"2b91b57\" data-element_type=\"widget\" data-settings=\"{&quot;_ob_use_harakiri&quot;:&quot;yes&quot;,&quot;_ob_harakiri_writing_mode&quot;:&quot;inherit&quot;,&quot;_ob_harakiri_text_clip&quot;:&quot;none&quot;,&quot;_ob_widget_stalker_use&quot;:&quot;no&quot;,&quot;_ob_poopart_use&quot;:&quot;yes&quot;,&quot;_ob_shadough_use&quot;:&quot;no&quot;,&quot;_ob_allow_hoveranimator&quot;:&quot;no&quot;}\" data-widget_type=\"heading.default\">\n\t\t\t\t<div class=\"elementor-widget-container\">\n\t\t\t\t\t<h2 class=\"elementor-heading-title elementor-size-default\">\u00d6PNV<\/h2>\t\t\t\t<\/div>\n\t\t\t\t<\/div>\n\t\t\t\t<div class=\"elementor-element elementor-element-72bca1d ob-harakiri-inherit ob-has-background-overlay elementor-widget elementor-widget-text-editor\" data-id=\"72bca1d\" data-element_type=\"widget\" data-settings=\"{&quot;_ob_use_harakiri&quot;:&quot;yes&quot;,&quot;_ob_harakiri_writing_mode&quot;:&quot;inherit&quot;,&quot;_ob_postman_use&quot;:&quot;no&quot;,&quot;_ob_widget_stalker_use&quot;:&quot;no&quot;,&quot;_ob_poopart_use&quot;:&quot;yes&quot;,&quot;_ob_shadough_use&quot;:&quot;no&quot;,&quot;_ob_allow_hoveranimator&quot;:&quot;no&quot;}\" data-widget_type=\"text-editor.default\">\n\t\t\t\t<div class=\"elementor-widget-container\">\n\t\t\t\t\t\t\t\t\tMit den Buslinien 1, 2, 3, 4, 5, 7, 10, 11, 12, 13 und 14 kommst Du \u00fcber die Haltestelle \u201cAngelburger Stra\u00dfe\u201d direkt zu uns. Vom Bahnhof aus erreichst Du uns in wenigen Minuten zu Fu\u00df oder mit den Buslinien 1, 4, 5 und 12 ebenfalls \u00fcber die Haltestelle \u201cAngelburger Stra\u00dfe\u201d.\t\t\t\t\t\t\t\t<\/div>\n\t\t\t\t<\/div>\n\t\t\t\t<\/div>\n\t\t\t\t\t<\/div>\n\t\t\t\t<\/div>\n\t\t<div class=\"elementor-element elementor-element-116446a e-flex e-con-boxed e-con e-parent\" data-id=\"116446a\" data-element_type=\"container\" data-settings=\"{&quot;_ob_use_container_extras&quot;:&quot;no&quot;,&quot;_ob_column_hoveranimator&quot;:&quot;no&quot;,&quot;_ob_glider_is_slider&quot;:&quot;no&quot;,&quot;_ob_column_has_pseudo&quot;:&quot;no&quot;}\">\n\t\t\t\t\t<div class=\"e-con-inner\">\n\t\t\t\t<div class=\"elementor-element elementor-element-acb9bf9 ob-harakiri-inherit ob-has-background-overlay elementor-widget elementor-widget-heading\" data-id=\"acb9bf9\" data-element_type=\"widget\" data-settings=\"{&quot;_ob_use_harakiri&quot;:&quot;yes&quot;,&quot;_ob_harakiri_writing_mode&quot;:&quot;inherit&quot;,&quot;_ob_harakiri_text_clip&quot;:&quot;none&quot;,&quot;_ob_widget_stalker_use&quot;:&quot;no&quot;,&quot;_ob_poopart_use&quot;:&quot;yes&quot;,&quot;_ob_shadough_use&quot;:&quot;no&quot;,&quot;_ob_allow_hoveranimator&quot;:&quot;no&quot;}\" data-widget_type=\"heading.default\">\n\t\t\t\t<div class=\"elementor-widget-container\">\n\t\t\t\t\t<h2 class=\"elementor-heading-title elementor-size-default\">Parktarife und \u00d6ffnungszeiten\nin der FLENSBURG GALERIE<\/h2>\t\t\t\t<\/div>\n\t\t\t\t<\/div>\n\t\t\t\t\t<\/div>\n\t\t\t\t<\/div>\n\t\t<div class=\"elementor-element elementor-element-33c4d6c e-flex e-con-boxed e-con e-parent\" data-id=\"33c4d6c\" data-element_type=\"container\" data-settings=\"{&quot;_ob_use_container_extras&quot;:&quot;no&quot;,&quot;_ob_column_hoveranimator&quot;:&quot;no&quot;,&quot;_ob_glider_is_slider&quot;:&quot;no&quot;,&quot;_ob_column_has_pseudo&quot;:&quot;no&quot;}\">\n\t\t\t\t\t<div class=\"e-con-inner\">\n\t\t<div class=\"elementor-element elementor-element-8b17269 e-con-full e-flex e-con e-child\" data-id=\"8b17269\" data-element_type=\"container\" data-settings=\"{&quot;_ob_use_container_extras&quot;:&quot;no&quot;,&quot;_ob_column_hoveranimator&quot;:&quot;no&quot;,&quot;_ob_glider_is_slider&quot;:&quot;no&quot;,&quot;_ob_column_has_pseudo&quot;:&quot;no&quot;}\">\n\t\t\t\t<div class=\"elementor-element elementor-element-8802c91 ob-harakiri-inherit ob-has-background-overlay elementor-widget elementor-widget-text-editor\" data-id=\"8802c91\" data-element_type=\"widget\" data-settings=\"{&quot;_ob_use_harakiri&quot;:&quot;yes&quot;,&quot;_ob_harakiri_writing_mode&quot;:&quot;inherit&quot;,&quot;_ob_postman_use&quot;:&quot;no&quot;,&quot;_ob_widget_stalker_use&quot;:&quot;no&quot;,&quot;_ob_poopart_use&quot;:&quot;yes&quot;,&quot;_ob_shadough_use&quot;:&quot;no&quot;,&quot;_ob_allow_hoveranimator&quot;:&quot;no&quot;}\" data-widget_type=\"text-editor.default\">\n\t\t\t\t<div class=\"elementor-widget-container\">\n\t\t\t\t\t\t\t\t\t<strong>Parktarife:<\/strong>\n<ul>\n<br>\n \t<li><strong>30 Min.<\/strong>: \u20ac 1,20<\/li>\n \t<li><strong>60 Min.<\/strong>: \u20ac 2,20<\/li>\n \t<li><strong>90 Min.<\/strong>: \u20ac 2,40<\/li>\n \t<li><strong>120 Min.<\/strong>: \u20ac 3,60<\/li>\n \t<li><strong>135 Min.<\/strong>: \u20ac 3,60<\/li>\n \t<li><strong>180 Min.<\/strong>: \u20ac 4,80<\/li>\n \t<li><strong>Ab der 4. Stunde<\/strong> (pro angef. Stunde): \u20ac 2,20<\/li>\n \t<li><strong>Tagesmax<\/strong>: \u20ac 15,00<\/li>\n \t<li><strong>Parkscheinverlust<\/strong> (inkl. angefallener Parkgeb\u00fchren): \u20ac 15,00<\/li>\n \t<li><strong>Abendtarif<\/strong> (22:00 &#8211; 8:00 Uhr) Pauschal: \u20ac 10,00<\/li>\n<\/ul>\n<br>\n<strong>\u00d6ffnungszeiten:<\/strong>\n<ul>\n<br>\n \t<li><strong>Mo. bis Sa.<\/strong>: 7:30 Uhr &#8211; 21:00 Uhr<\/li>\n \t<li><strong>Sonn- und Feiertage<\/strong>: geschlossen<\/li>\n<\/ul>\t\t\t\t\t\t\t\t<\/div>\n\t\t\t\t<\/div>\n\t\t\t\t<\/div>\n\t\t<div class=\"elementor-element elementor-element-aa5f5c2 e-con-full e-flex e-con e-child\" data-id=\"aa5f5c2\" data-element_type=\"container\" data-settings=\"{&quot;_ob_use_container_extras&quot;:&quot;no&quot;,&quot;_ob_column_hoveranimator&quot;:&quot;no&quot;,&quot;_ob_glider_is_slider&quot;:&quot;no&quot;,&quot;_ob_column_has_pseudo&quot;:&quot;no&quot;}\">\n\t\t\t\t<div class=\"elementor-element elementor-element-655268f ob-harakiri-inherit ob-has-background-overlay elementor-widget elementor-widget-text-editor\" data-id=\"655268f\" data-element_type=\"widget\" data-settings=\"{&quot;_ob_use_harakiri&quot;:&quot;yes&quot;,&quot;_ob_harakiri_writing_mode&quot;:&quot;inherit&quot;,&quot;_ob_postman_use&quot;:&quot;no&quot;,&quot;_ob_widget_stalker_use&quot;:&quot;no&quot;,&quot;_ob_poopart_use&quot;:&quot;yes&quot;,&quot;_ob_shadough_use&quot;:&quot;no&quot;,&quot;_ob_allow_hoveranimator&quot;:&quot;no&quot;}\" data-widget_type=\"text-editor.default\">\n\t\t\t\t<div class=\"elementor-widget-container\">\n\t\t\t\t\t\t\t\t\t<p>Parkhausbetreiber:<\/p><p>MAS Property Management Germany GmbH<\/p><p>Holm 57-61<\/p><p>24937 Flensburg<\/p><p>Tel.: 0461-16845780<\/p>\t\t\t\t\t\t\t\t<\/div>\n\t\t\t\t<\/div>\n\t\t\t\t<\/div>\n\t\t\t\t\t<\/div>\n\t\t\t\t<\/div>\n\t\t\t\t<\/div>","protected":false},"excerpt":{"rendered":"<p>Verkehrsanbindung Zum umfassenden Serviceangebot Eurer FLENSBURG GALERIE geh\u00f6ren unter anderem 1.000 Parkpl\u00e4tze im Parkhaus der Galerie im Tiefgeschoss des Centers sowie in weiteren nahe gelegenen Parkh\u00e4usern. Dort findest Du auch spezielle Parkpl\u00e4tze f\u00fcr Frauen und Menschen mit Behinderung. Die Parkh\u00e4user sind zum Teil direkt mit der Galerie verbunden. So kommst Du bei jedem Wetter bequem, [&hellip;]<\/p>","protected":false},"author":15,"featured_media":0,"parent":0,"menu_order":0,"comment_status":"closed","ping_status":"closed","template":"","meta":{"_acf_changed":false,"footnotes":""},"class_list":["post-17803","page","type-page","status-publish","hentry"],"acf":[],"yoast_head":"<!-- This site is optimized with the Yoast SEO plugin v26.3 - https:\/\/yoast.com\/wordpress\/plugins\/seo\/ -->\n<title>Anfahrt - Flensburg Galerie<\/title>\n<meta name=\"robots\" content=\"index, follow, max-snippet:-1, max-image-preview:large, max-video-preview:-1\" \/>\n<link rel=\"canonical\" href=\"https:\/\/flensburg-galerie.de\/da\/anfahrt\/\" \/>\n<meta property=\"og:locale\" content=\"da_DK\" \/>\n<meta property=\"og:type\" content=\"article\" \/>\n<meta property=\"og:title\" content=\"Anfahrt - Flensburg Galerie\" \/>\n<meta property=\"og:description\" content=\"Verkehrsanbindung Zum umfassenden Serviceangebot Eurer FLENSBURG GALERIE geh\u00f6ren unter anderem 1.000 Parkpl\u00e4tze im Parkhaus der Galerie im Tiefgeschoss des Centers sowie in weiteren nahe gelegenen Parkh\u00e4usern. Dort findest Du auch spezielle Parkpl\u00e4tze f\u00fcr Frauen und Menschen mit Behinderung. Die Parkh\u00e4user sind zum Teil direkt mit der Galerie verbunden. So kommst Du bei jedem Wetter bequem, [&hellip;]\" \/>\n<meta property=\"og:url\" content=\"https:\/\/flensburg-galerie.de\/da\/anfahrt\/\" \/>\n<meta property=\"og:site_name\" content=\"Flensburg Galerie\" \/>\n<meta property=\"article:modified_time\" content=\"2024-07-22T15:11:16+00:00\" \/>\n<meta property=\"og:image\" content=\"https:\/\/flensburg-galerie.de\/wp-content\/uploads\/2024\/02\/FG_HeadlineAnfahrt-1024x353.png\" \/>\n<meta name=\"twitter:card\" content=\"summary_large_image\" \/>\n<meta name=\"twitter:label1\" content=\"Estimeret l\u00e6setid\" \/>\n\t<meta name=\"twitter:data1\" content=\"2 minutter\" \/>\n<script type=\"application\/ld+json\" class=\"yoast-schema-graph\">{\"@context\":\"https:\/\/schema.org\",\"@graph\":[{\"@type\":\"WebPage\",\"@id\":\"https:\/\/flensburg-galerie.de\/anfahrt\/\",\"url\":\"https:\/\/flensburg-galerie.de\/anfahrt\/\",\"name\":\"Anfahrt - Flensburg Galerie\",\"isPartOf\":{\"@id\":\"https:\/\/flensburg-galerie.de\/#website\"},\"primaryImageOfPage\":{\"@id\":\"https:\/\/flensburg-galerie.de\/anfahrt\/#primaryimage\"},\"image\":{\"@id\":\"https:\/\/flensburg-galerie.de\/anfahrt\/#primaryimage\"},\"thumbnailUrl\":\"https:\/\/flensburg-galerie.de\/wp-content\/uploads\/2024\/02\/FG_HeadlineAnfahrt-1024x353.png\",\"datePublished\":\"2024-02-27T15:25:20+00:00\",\"dateModified\":\"2024-07-22T15:11:16+00:00\",\"breadcrumb\":{\"@id\":\"https:\/\/flensburg-galerie.de\/anfahrt\/#breadcrumb\"},\"inLanguage\":\"da-DK\",\"potentialAction\":[{\"@type\":\"ReadAction\",\"target\":[\"https:\/\/flensburg-galerie.de\/anfahrt\/\"]}]},{\"@type\":\"ImageObject\",\"inLanguage\":\"da-DK\",\"@id\":\"https:\/\/flensburg-galerie.de\/anfahrt\/#primaryimage\",\"url\":\"https:\/\/flensburg-galerie.de\/wp-content\/uploads\/2024\/02\/FG_HeadlineAnfahrt-1024x353.png\",\"contentUrl\":\"https:\/\/flensburg-galerie.de\/wp-content\/uploads\/2024\/02\/FG_HeadlineAnfahrt-1024x353.png\"},{\"@type\":\"BreadcrumbList\",\"@id\":\"https:\/\/flensburg-galerie.de\/anfahrt\/#breadcrumb\",\"itemListElement\":[{\"@type\":\"ListItem\",\"position\":1,\"name\":\"Startseite\",\"item\":\"https:\/\/flensburg-galerie.de\/\"},{\"@type\":\"ListItem\",\"position\":2,\"name\":\"Anfahrt\"}]},{\"@type\":\"WebSite\",\"@id\":\"https:\/\/flensburg-galerie.de\/#website\",\"url\":\"https:\/\/flensburg-galerie.de\/\",\"name\":\"Flensburg Galerie\",\"description\":\"Einkaufen in Flensburg\",\"publisher\":{\"@id\":\"https:\/\/flensburg-galerie.de\/#organization\"},\"potentialAction\":[{\"@type\":\"SearchAction\",\"target\":{\"@type\":\"EntryPoint\",\"urlTemplate\":\"https:\/\/flensburg-galerie.de\/?s={search_term_string}\"},\"query-input\":{\"@type\":\"PropertyValueSpecification\",\"valueRequired\":true,\"valueName\":\"search_term_string\"}}],\"inLanguage\":\"da-DK\"},{\"@type\":\"Organization\",\"@id\":\"https:\/\/flensburg-galerie.de\/#organization\",\"name\":\"Flensburg Galerie\",\"url\":\"https:\/\/flensburg-galerie.de\/\",\"logo\":{\"@type\":\"ImageObject\",\"inLanguage\":\"da-DK\",\"@id\":\"https:\/\/flensburg-galerie.de\/#\/schema\/logo\/image\/\",\"url\":\"https:\/\/flensburg-galerie.de\/wp-content\/uploads\/2020\/02\/FGF_Logo_Quadrate_RGB_300-scaled.jpg\",\"contentUrl\":\"https:\/\/flensburg-galerie.de\/wp-content\/uploads\/2020\/02\/FGF_Logo_Quadrate_RGB_300-scaled.jpg\",\"width\":2560,\"height\":1729,\"caption\":\"Flensburg Galerie\"},\"image\":{\"@id\":\"https:\/\/flensburg-galerie.de\/#\/schema\/logo\/image\/\"}}]}<\/script>\n<!-- \/ Yoast SEO plugin. -->","yoast_head_json":{"title":"Anfahrt - Flensburg Galerie","robots":{"index":"index","follow":"follow","max-snippet":"max-snippet:-1","max-image-preview":"max-image-preview:large","max-video-preview":"max-video-preview:-1"},"canonical":"https:\/\/flensburg-galerie.de\/da\/anfahrt\/","og_locale":"da_DK","og_type":"article","og_title":"Anfahrt - Flensburg Galerie","og_description":"Verkehrsanbindung Zum umfassenden Serviceangebot Eurer FLENSBURG GALERIE geh\u00f6ren unter anderem 1.000 Parkpl\u00e4tze im Parkhaus der Galerie im Tiefgeschoss des Centers sowie in weiteren nahe gelegenen Parkh\u00e4usern. Dort findest Du auch spezielle Parkpl\u00e4tze f\u00fcr Frauen und Menschen mit Behinderung. Die Parkh\u00e4user sind zum Teil direkt mit der Galerie verbunden. So kommst Du bei jedem Wetter bequem, [&hellip;]","og_url":"https:\/\/flensburg-galerie.de\/da\/anfahrt\/","og_site_name":"Flensburg Galerie","article_modified_time":"2024-07-22T15:11:16+00:00","og_image":[{"url":"https:\/\/flensburg-galerie.de\/wp-content\/uploads\/2024\/02\/FG_HeadlineAnfahrt-1024x353.png","type":"","width":"","height":""}],"twitter_card":"summary_large_image","twitter_misc":{"Estimeret l\u00e6setid":"2 minutter"},"schema":{"@context":"https:\/\/schema.org","@graph":[{"@type":"WebPage","@id":"https:\/\/flensburg-galerie.de\/anfahrt\/","url":"https:\/\/flensburg-galerie.de\/anfahrt\/","name":"Anfahrt - Flensburg Galerie","isPartOf":{"@id":"https:\/\/flensburg-galerie.de\/#website"},"primaryImageOfPage":{"@id":"https:\/\/flensburg-galerie.de\/anfahrt\/#primaryimage"},"image":{"@id":"https:\/\/flensburg-galerie.de\/anfahrt\/#primaryimage"},"thumbnailUrl":"https:\/\/flensburg-galerie.de\/wp-content\/uploads\/2024\/02\/FG_HeadlineAnfahrt-1024x353.png","datePublished":"2024-02-27T15:25:20+00:00","dateModified":"2024-07-22T15:11:16+00:00","breadcrumb":{"@id":"https:\/\/flensburg-galerie.de\/anfahrt\/#breadcrumb"},"inLanguage":"da-DK","potentialAction":[{"@type":"ReadAction","target":["https:\/\/flensburg-galerie.de\/anfahrt\/"]}]},{"@type":"ImageObject","inLanguage":"da-DK","@id":"https:\/\/flensburg-galerie.de\/anfahrt\/#primaryimage","url":"https:\/\/flensburg-galerie.de\/wp-content\/uploads\/2024\/02\/FG_HeadlineAnfahrt-1024x353.png","contentUrl":"https:\/\/flensburg-galerie.de\/wp-content\/uploads\/2024\/02\/FG_HeadlineAnfahrt-1024x353.png"},{"@type":"BreadcrumbList","@id":"https:\/\/flensburg-galerie.de\/anfahrt\/#breadcrumb","itemListElement":[{"@type":"ListItem","position":1,"name":"Startseite","item":"https:\/\/flensburg-galerie.de\/"},{"@type":"ListItem","position":2,"name":"Anfahrt"}]},{"@type":"WebSite","@id":"https:\/\/flensburg-galerie.de\/#website","url":"https:\/\/flensburg-galerie.de\/","name":"Flensburg Galerie","description":"Einkaufen in Flensburg","publisher":{"@id":"https:\/\/flensburg-galerie.de\/#organization"},"potentialAction":[{"@type":"SearchAction","target":{"@type":"EntryPoint","urlTemplate":"https:\/\/flensburg-galerie.de\/?s={search_term_string}"},"query-input":{"@type":"PropertyValueSpecification","valueRequired":true,"valueName":"search_term_string"}}],"inLanguage":"da-DK"},{"@type":"Organization","@id":"https:\/\/flensburg-galerie.de\/#organization","name":"Flensburg Galerie","url":"https:\/\/flensburg-galerie.de\/","logo":{"@type":"ImageObject","inLanguage":"da-DK","@id":"https:\/\/flensburg-galerie.de\/#\/schema\/logo\/image\/","url":"https:\/\/flensburg-galerie.de\/wp-content\/uploads\/2020\/02\/FGF_Logo_Quadrate_RGB_300-scaled.jpg","contentUrl":"https:\/\/flensburg-galerie.de\/wp-content\/uploads\/2020\/02\/FGF_Logo_Quadrate_RGB_300-scaled.jpg","width":2560,"height":1729,"caption":"Flensburg Galerie"},"image":{"@id":"https:\/\/flensburg-galerie.de\/#\/schema\/logo\/image\/"}}]}},"_links":{"self":[{"href":"https:\/\/flensburg-galerie.de\/da\/wp-json\/wp\/v2\/pages\/17803","targetHints":{"allow":["GET"]}}],"collection":[{"href":"https:\/\/flensburg-galerie.de\/da\/wp-json\/wp\/v2\/pages"}],"about":[{"href":"https:\/\/flensburg-galerie.de\/da\/wp-json\/wp\/v2\/types\/page"}],"author":[{"embeddable":true,"href":"https:\/\/flensburg-galerie.de\/da\/wp-json\/wp\/v2\/users\/15"}],"replies":[{"embeddable":true,"href":"https:\/\/flensburg-galerie.de\/da\/wp-json\/wp\/v2\/comments?post=17803"}],"version-history":[{"count":24,"href":"https:\/\/flensburg-galerie.de\/da\/wp-json\/wp\/v2\/pages\/17803\/revisions"}],"predecessor-version":[{"id":22048,"href":"https:\/\/flensburg-galerie.de\/da\/wp-json\/wp\/v2\/pages\/17803\/revisions\/22048"}],"wp:attachment":[{"href":"https:\/\/flensburg-galerie.de\/da\/wp-json\/wp\/v2\/media?parent=17803"}],"curies":[{"name":"wp","href":"https:\/\/api.w.org\/{rel}","templated":true}]}}